{"id":2120,"date":"2026-04-28T02:24:01","date_gmt":"2026-04-28T00:24:01","guid":{"rendered":"http:\/\/eosart.ch.w0153304.kasserver.com\/produkt\/sechselaeuten-in-zuerich-den-20-april-1891-grosser-festzug-zur-erinnerung-an-den-ersten-bund-zuerichs-mit-den-wakdstaetten-1291-festgruss-an-zuerichs-gaeste\/"},"modified":"2026-04-28T02:24:56","modified_gmt":"2026-04-28T00:24:56","slug":"sechselaeuten-in-zuerich-den-20-april-1891-grosser-festzug-zur-erinnerung-an-den-ersten-bund-zuerichs-mit-den-waldstaetten-1291-festgruss-an-zuerichs-gaeste","status":"publish","type":"product","link":"https:\/\/www.eosart.ch\/en\/produkt\/sechselaeuten-in-zuerich-den-20-april-1891-grosser-festzug-zur-erinnerung-an-den-ersten-bund-zuerichs-mit-den-waldstaetten-1291-festgruss-an-zuerichs-gaeste\/","title":{"rendered":"Sechsel\u00e4uten in Z\u00fcrich den 20. April 1891. Grosser Festzug zur Erinnerung an den ersten Bund Z\u00fcrichs mit den Waldst\u00e4tten 1291. Festgruss an Z\u00fcrichs G\u00e4ste."},"content":{"rendered":"<p>\u00a0\u00a0 Sechsel\u00e4uten. \u2013  Sechsel\u00e4uten in Z\u00fcrich den 20. April 1891. Grosser Festzug zur Erinnerung an den ersten Bund Z\u00fcrichs mit den Waldst\u00e4tten 1291. Festgruss an Z\u00fcrichs G\u00e4ste.\u00a0 Z\u00fcrich, Ulrich u. Co. im Berichthaus, 1891. 14 S. (gef. Bogen). Format: 11 x 18 cm.<br \/>\nVgl. Honegger 42. \u2013 Programmheft. \u2013 Stockfleckig.<\/p>\n<p>+ Wichtig: F\u00fcr unsere Kunden in der EU erfolgt der Versand alle 14 Tage verzollt ab Deutschland \/ Postbank-Konto in Deutschland vorhanden +<\/p>\n<p><strong>Bestellnummer<\/strong>: 312BG<\/p>\n<p><span class=\"schlagwort\">Helvetica \u2013 Schweiz \/ Books and prints pertaining Switzerland, Sechsel\u00e4uten, Turicensia &#8211; Stadt Z\u00fcrich \/ Zurich City, Zunftwesen \u2013 Z\u00fcnfte, Z\u00fcrich Kanton<\/span><\/p>\n","protected":false},"excerpt":{"rendered":"<p>    Sechsel\u00e4uten in Z\u00fcrich den 20. April 1891. Grosser Festzug zur Erinnerung an den ersten Bund Z\u00fcrichs mit den Waldst\u00e4tten 1291. Festgruss an Z\u00fcrichs G\u00e4ste.<\/p>\n","protected":false},"featured_media":3060682,"comment_status":"closed","ping_status":"open","template":"","meta":[],"product_brand":[],"product_cat":[176],"product_tag":[],"class_list":{"0":"post-2120","1":"product","2":"type-product","3":"status-publish","4":"has-post-thumbnail","6":"product_cat-helvetica-schweiz-books-and-prints-pertaining-switzerland","8":"first","9":"instock","10":"purchasable","11":"product-type-simple"},"aioseo_notices":[],"_links":{"self":[{"href":"https:\/\/www.eosart.ch\/en\/wp-json\/wp\/v2\/product\/2120","targetHints":{"allow":["GET"]}}],"collection":[{"href":"https:\/\/www.eosart.ch\/en\/wp-json\/wp\/v2\/product"}],"about":[{"href":"https:\/\/www.eosart.ch\/en\/wp-json\/wp\/v2\/types\/product"}],"replies":[{"embeddable":true,"href":"https:\/\/www.eosart.ch\/en\/wp-json\/wp\/v2\/comments?post=2120"}],"wp:featuredmedia":[{"embeddable":true,"href":"https:\/\/www.eosart.ch\/en\/wp-json\/wp\/v2\/media\/3060682"}],"wp:attachment":[{"href":"https:\/\/www.eosart.ch\/en\/wp-json\/wp\/v2\/media?parent=2120"}],"wp:term":[{"taxonomy":"product_brand","embeddable":true,"href":"https:\/\/www.eosart.ch\/en\/wp-json\/wp\/v2\/product_brand?post=2120"},{"taxonomy":"product_cat","embeddable":true,"href":"https:\/\/www.eosart.ch\/en\/wp-json\/wp\/v2\/product_cat?post=2120"},{"taxonomy":"product_tag","embeddable":true,"href":"https:\/\/www.eosart.ch\/en\/wp-json\/wp\/v2\/product_tag?post=2120"}],"curies":[{"name":"wp","href":"https:\/\/api.w.org\/{rel}","templated":true}]}}